{"id":522,"date":"2018-01-23T18:22:16","date_gmt":"2018-01-23T17:22:16","guid":{"rendered":"http:\/\/acltf.org\/wordpressacltf\/?page_id=522"},"modified":"2020-11-07T11:43:43","modified_gmt":"2020-11-07T10:43:43","slug":"seminarios-2","status":"publish","type":"page","link":"http:\/\/acltf.org\/wordpressacltf\/seminarios-2\/","title":{"rendered":"Seminarios"},"content":{"rendered":"\n<h1 class=\"wp-block-heading\">Modelo Internal Family Systems con Imma Lloret<\/h1>\n\n\n\n<p><\/p>\n\n\n\n<p><strong>Imma Lloret<\/strong><\/p>\n\n\n\n<p>Assistant Trainer por el IFS Institute al mismo tiempo que desarrolla su labor como psicoterapeuta y supervisora cl\u00ednica en la pr\u00e1ctica privada. Co-directora del Instituto IFS.<\/p>\n\n\n\n<p><\/p>\n\n\n\n<h3 class=\"has-luminous-vivid-orange-color has-text-color wp-block-heading\">Fechas<\/h3>\n\n\n\n<p><\/p>\n\n\n\n<p>Viernes 27 y s\u00e1bado 28 de noviembre&nbsp;de 2020<\/p>\n\n\n\n<p><\/p>\n\n\n\n<h3 class=\"has-luminous-vivid-orange-color has-text-color wp-block-heading\">Programa<\/h3>\n\n\n\n<p><\/p>\n\n\n\n<h4 class=\"wp-block-heading\">Viernes 27:<\/h4>\n\n\n\n<p><\/p>\n\n\n\n<p>16:00 &#8211; 20:00 h. Primera sesi\u00f3n. Se realizar\u00e1 una pausa de 15 minutos a mitad de la sesi\u00f3n. Modelo te\u00f3rico y ejercicios pr\u00e1cticos.<\/p>\n\n\n\n<h4 class=\"wp-block-heading\">S\u00e1bado 28:<\/h4>\n\n\n\n<p><\/p>\n\n\n\n<p>9:30 &#8211; 13:30 h. Segunda sesi\u00f3n. Se realizar\u00e1 una pausa de 15 minutos a mitad de la sesi\u00f3n. Modelo te\u00f3rico y ejercicios pr\u00e1cticos.<\/p>\n\n\n\n<p>13:30 h. Asamblea General de Socios ACLTF.<\/p>\n\n\n\n<p><\/p>\n\n\n\n<h3 class=\"has-luminous-vivid-orange-color has-text-color wp-block-heading\">Formato<\/h3>\n\n\n\n<p><\/p>\n\n\n\n<p>La formaci\u00f3n se impartir\u00e1 a trav\u00e9s de la plataforma online de videoconferencia <strong>Zoom<\/strong>.<\/p>\n\n\n\n<p>Se presentar\u00e1 el modelo te\u00f3rico de trabajo y se realizar\u00e1n ejercicios pr\u00e1cticos de role-playing, con supervisi\u00f3n y puesta en com\u00fan.<\/p>\n\n\n\n<p><\/p>\n\n\n\n<h3 class=\"has-luminous-vivid-orange-color has-text-color wp-block-heading\">Dirigido a\u2026<\/h3>\n\n\n\n<p><\/p>\n\n\n\n<p>Psic\u00f3logos\/as, psiquiatras, psicoterapeutas, trabajadores\/as y educadores\/as sociales y otros profesionales del \u00e1mbito de la salud.<\/p>\n\n\n\n<p>M\u00e1ximo 40 participantes.<\/p>\n\n\n\n<p><\/p>\n\n\n\n<h3 class=\"has-luminous-vivid-orange-color has-text-color wp-block-heading\">Objetivos<\/h3>\n\n\n\n<p><\/p>\n\n\n\n<ul><li>Conocer la base conceptual del modelo IFS.<\/li><li>Aplicar algunas t\u00e9cnicas de IFS al trabajo terap\u00e9utico<\/li><li>Conocer las partes de su propio sistema interno y profundizar en su desarrollo personal.<\/li><\/ul>\n\n\n\n<p><\/p>\n\n\n\n<h3 class=\"has-luminous-vivid-orange-color has-text-color wp-block-heading\">Metodolog\u00eda<\/h3>\n\n\n\n<p><\/p>\n\n\n\n<p>La formaci\u00f3n constar\u00e1 de explicaciones te\u00f3ricas, demostraciones pr\u00e1cticas,&nbsp;ejercicios experienciales&nbsp;y&nbsp;grupos peque\u00f1os de trabajo pr\u00e1ctico con supervisi\u00f3n y puesta en com\u00fan.<\/p>\n\n\n\n<p><\/p>\n\n\n\n<h3 class=\"has-luminous-vivid-orange-color has-text-color wp-block-heading\">Contenidos<\/h3>\n\n\n\n<p><\/p>\n\n\n\n<h4 class=\"wp-block-heading\">El modelo de los sistemas de familia interna<\/h4>\n\n\n\n<p>El modelo de <strong>Sistemas de familia interna<\/strong> es un m\u00e9todo de terapia que promueve la transformaci\u00f3n con suavidad, de forma r\u00e1pida y eficaz.<\/p>\n\n\n\n<p>Resulta de gran utilidad para el trabajo con las emociones, el tratamiento del trauma y sus consecuencias. Su flexibilidad permite combinarlo con otros modelos y su enfoque enriquece el trabajo en diferentes profesionales.<\/p>\n\n\n\n<p>Se considera la multiplicidad de la mente como nuestro estado natural y nuestras partes como subpersonalidades que pueden ser sanadas y transformadas por la presencia del Self \u2212nuestra verdadera naturaleza\u2212: un n\u00facleo de valiosas cualidades de liderazgo compasivo y amoroso<\/p>\n\n\n\n<p>Aunque IFS ha sido m\u00e1s ampliamente utilizado como un tratamiento para el trauma, es un&nbsp;<strong>modelo flexible<\/strong>&nbsp;que proporciona abundantes oportunidades para su aplicaci\u00f3n. IFS apoya el tratamiento en las siguientes \u00e1reas:<\/p>\n\n\n\n<ol><li>Mostrando respeto y aprecio&#8230;<\/li><li>Ayuda a los clientes<\/li><li>El afecto se regula&#8230;<\/li><li>La transferencia se reduce&#8230;<\/li><li>Formas pr\u00e1cticas para comprender y trabajar&#8230;<\/li><li>Se libera a los terapeutas de la funci\u00f3n de tratar los s\u00edntomas dif\u00edciles&#8230;<\/li><li>Los terapeutas son libres de ser ellos mismos&#8230;<\/li><\/ol>\n\n\n\n<p><\/p>\n\n\n\n<p>Para m\u00e1s informaci\u00f3n sobre le Modelo IFS:<\/p>\n\n\n\n<p><a href=\"https:\/\/institutoifs.com\/\" target=\"_blank\" rel=\"noreferrer noopener\">www.institutoifs.com<\/a> | <a href=\"http:\/\/_wp_link_placeholder\" target=\"_blank\" rel=\"noreferrer noopener\">www.ifs-institute.com<\/a><\/p>\n\n\n\n<figure class=\"wp-block-embed-youtube wp-block-embed is-type-video is-provider-youtube wp-embed-aspect-16-9 wp-has-aspect-ratio\"><div class=\"wp-block-embed__wrapper\">\n<span class=\"embed-youtube\" style=\"text-align:center; display: block;\"><iframe loading=\"lazy\" class=\"youtube-player\" width=\"545\" height=\"307\" src=\"https:\/\/www.youtube.com\/embed\/Ym8o762U7uc?version=3&#038;rel=1&#038;showsearch=0&#038;showinfo=1&#038;iv_load_policy=1&#038;fs=1&#038;hl=es-ES&#038;autohide=2&#038;wmode=transparent\" allowfullscreen=\"true\" style=\"border:0;\" sandbox=\"allow-scripts allow-same-origin allow-popups allow-presentation allow-popups-to-escape-sandbox\"><\/iframe><\/span>\n<\/div><\/figure>\n\n\n\n<p><\/p>\n\n\n\n<h2 class=\"has-luminous-vivid-orange-color has-text-color wp-block-heading\">Inscripci\u00f3n Online<\/h2>\n\n\n\n<p><\/p>\n\n\n\n<p><strong>PLAZAS LIMITADAS. (40 participantes)<\/strong><\/p>\n\n\n\n<p><strong>FORMAS DE PAGO ADMITIDAS:<\/strong>&nbsp;<strong>Transferencia bancaria.<br><\/strong>N\u00ba de Cuenta: Unicaja Banco&nbsp;ES94 2103 4660 1100 3000 0545<\/p>\n\n\n\n<p><strong>Precios<\/strong><\/p>\n\n\n\n<ul><li>Inscripci\u00f3n para socios\/as de la ACLTF:&nbsp; 30 \u20ac<\/li><li>Inscripci\u00f3n para socios de la FEATF: 50 \u20ac.<\/li><li>Otros profesionales: 70 \u20ac<\/li><\/ul>\n\n\n\n<p><\/p>\n\n\n\n<hr class=\"wp-block-separator has-text-color has-background has-luminous-vivid-orange-background-color has-luminous-vivid-orange-color is-style-wide\"\/>\n\n\n\n<p>Para realizar la inscripci\u00f3n al seminario, tan solo&nbsp;hay enviarnos un mail a <a href=\"mailto:info@acltf.org\" target=\"_blank\" rel=\"noreferrer noopener\">info@acltf.org<\/a> con vuestro:<\/p>\n\n\n\n<ul><li>Nombre y apellido<\/li><li>Tel\u00e9fono<\/li><li>Profesi\u00f3n<\/li><li>Indicarnos si sois de la ACLTF, FEATF o ninguna de ellas<\/li><li>Justificante de pago en Unicaja Banco ES94 2103 4660 1100 3000 0545 <\/li><\/ul>\n\n\n\n<hr class=\"wp-block-separator has-text-color has-background has-luminous-vivid-orange-background-color has-luminous-vivid-orange-color is-style-wide\"\/>\n\n\n\n<p><\/p>\n\n\n\n<div class=\"wp-block-image\"><figure class=\"aligncenter size-large\"><img decoding=\"async\" loading=\"lazy\" width=\"545\" height=\"771\" src=\"https:\/\/i0.wp.com\/acltf.org\/wordpressacltf\/wp-content\/uploads\/2020\/11\/Modelo-Internal-Family-Systems.jpg?resize=545%2C771\" alt=\"Modelo Internal Family Systems\" class=\"wp-image-744\" srcset=\"https:\/\/i0.wp.com\/acltf.org\/wordpressacltf\/wp-content\/uploads\/2020\/11\/Modelo-Internal-Family-Systems.jpg?resize=724%2C1024 724w, https:\/\/i0.wp.com\/acltf.org\/wordpressacltf\/wp-content\/uploads\/2020\/11\/Modelo-Internal-Family-Systems.jpg?resize=212%2C300 212w, https:\/\/i0.wp.com\/acltf.org\/wordpressacltf\/wp-content\/uploads\/2020\/11\/Modelo-Internal-Family-Systems.jpg?resize=768%2C1086 768w, https:\/\/i0.wp.com\/acltf.org\/wordpressacltf\/wp-content\/uploads\/2020\/11\/Modelo-Internal-Family-Systems.jpg?resize=220%2C311 220w, https:\/\/i0.wp.com\/acltf.org\/wordpressacltf\/wp-content\/uploads\/2020\/11\/Modelo-Internal-Family-Systems.jpg?resize=187%2C264 187w, https:\/\/i0.wp.com\/acltf.org\/wordpressacltf\/wp-content\/uploads\/2020\/11\/Modelo-Internal-Family-Systems.jpg?resize=453%2C641 453w, https:\/\/i0.wp.com\/acltf.org\/wordpressacltf\/wp-content\/uploads\/2020\/11\/Modelo-Internal-Family-Systems.jpg?w=1000 1000w\" sizes=\"(max-width: 545px) 100vw, 545px\" data-recalc-dims=\"1\" \/><\/figure><\/div>\n\n\n\n<p><\/p>\n\n\n\n<p>Una vez recibido el mail, le enviaremos la confirmaci\u00f3n de su inscripci\u00f3n. <\/p>\n\n\n\n<p><\/p>\n\n\n\n<p>Para m\u00e1s informaci\u00f3n:<\/p>\n\n\n\n<p><a href=\"mailto:info@acltf.org\">info@acltf.org<\/a><\/p>\n\n\n\n<p>Tel\u00e9fonos: 656 654 307 y 684 311 559<\/p>\n","protected":false},"excerpt":{"rendered":"<p>Modelo Internal Family Systems con Imma Lloret Imma Lloret Assistant Trainer por el IFS Institute al mismo tiempo que desarrolla su labor como psicoterapeuta y supervisora cl\u00ednica en la pr\u00e1ctica privada. Co-directora del Instituto IFS. Fechas Viernes 27 y s\u00e1bado 28 de noviembre&nbsp;de 2020 Programa Viernes 27: 16:00 &#8211; 20:00 h. Primera sesi\u00f3n. Se realizar\u00e1 [&hellip;]<\/p>\n","protected":false},"author":1,"featured_media":744,"parent":0,"menu_order":0,"comment_status":"open","ping_status":"open","template":"","meta":{"jetpack_post_was_ever_published":false},"yoast_head":"<!-- This site is optimized with the Yoast SEO plugin v21.8.1 - https:\/\/yoast.com\/wordpress\/plugins\/seo\/ -->\n<title>Seminarios - Asociaci\u00f3n Castellano Leonesa de Terapia Familiar<\/title>\n<meta name=\"robots\" content=\"index, follow, max-snippet:-1, max-image-preview:large, max-video-preview:-1\" \/>\n<link rel=\"canonical\" href=\"http:\/\/acltf.org\/wordpressacltf\/seminarios-2\/\" \/>\n<meta property=\"og:locale\" content=\"es_ES\" \/>\n<meta property=\"og:type\" content=\"article\" \/>\n<meta property=\"og:title\" content=\"Seminarios - Asociaci\u00f3n Castellano Leonesa de Terapia Familiar\" \/>\n<meta property=\"og:description\" content=\"Modelo Internal Family Systems con Imma Lloret Imma Lloret Assistant Trainer por el IFS Institute al mismo tiempo que desarrolla su labor como psicoterapeuta y supervisora cl\u00ednica en la pr\u00e1ctica privada. Co-directora del Instituto IFS. Fechas Viernes 27 y s\u00e1bado 28 de noviembre&nbsp;de 2020 Programa Viernes 27: 16:00 &#8211; 20:00 h. Primera sesi\u00f3n. Se realizar\u00e1 [&hellip;]\" \/>\n<meta property=\"og:url\" content=\"http:\/\/acltf.org\/wordpressacltf\/seminarios-2\/\" \/>\n<meta property=\"og:site_name\" content=\"Asociaci\u00f3n Castellano Leonesa de Terapia Familiar\" \/>\n<meta property=\"article:publisher\" content=\"https:\/\/www.facebook.com\/pages\/Asociaci%c3%b3n-Castellano-Leonesa-de-Terapia-Familiar\/820904984647986?fref=ts\" \/>\n<meta property=\"article:modified_time\" content=\"2020-11-07T10:43:43+00:00\" \/>\n<meta property=\"og:image\" content=\"https:\/\/i0.wp.com\/acltf.org\/wordpressacltf\/wp-content\/uploads\/2020\/11\/Modelo-Internal-Family-Systems.jpg?fit=1000%2C1414\" \/>\n\t<meta property=\"og:image:width\" content=\"1000\" \/>\n\t<meta property=\"og:image:height\" content=\"1414\" \/>\n\t<meta property=\"og:image:type\" content=\"image\/jpeg\" \/>\n<meta name=\"twitter:card\" content=\"summary_large_image\" \/>\n<meta name=\"twitter:label1\" content=\"Tiempo de lectura\" \/>\n\t<meta name=\"twitter:data1\" content=\"3 minutos\" \/>\n<script type=\"application\/ld+json\" class=\"yoast-schema-graph\">{\"@context\":\"https:\/\/schema.org\",\"@graph\":[{\"@type\":\"WebPage\",\"@id\":\"http:\/\/acltf.org\/wordpressacltf\/seminarios-2\/\",\"url\":\"http:\/\/acltf.org\/wordpressacltf\/seminarios-2\/\",\"name\":\"Seminarios - Asociaci\u00f3n Castellano Leonesa de Terapia Familiar\",\"isPartOf\":{\"@id\":\"http:\/\/acltf.org\/wordpressacltf\/#website\"},\"datePublished\":\"2018-01-23T17:22:16+00:00\",\"dateModified\":\"2020-11-07T10:43:43+00:00\",\"breadcrumb\":{\"@id\":\"http:\/\/acltf.org\/wordpressacltf\/seminarios-2\/#breadcrumb\"},\"inLanguage\":\"es\",\"potentialAction\":[{\"@type\":\"ReadAction\",\"target\":[\"http:\/\/acltf.org\/wordpressacltf\/seminarios-2\/\"]}]},{\"@type\":\"BreadcrumbList\",\"@id\":\"http:\/\/acltf.org\/wordpressacltf\/seminarios-2\/#breadcrumb\",\"itemListElement\":[{\"@type\":\"ListItem\",\"position\":1,\"name\":\"Portada\",\"item\":\"http:\/\/acltf.org\/wordpressacltf\/\"},{\"@type\":\"ListItem\",\"position\":2,\"name\":\"Seminarios\"}]},{\"@type\":\"WebSite\",\"@id\":\"http:\/\/acltf.org\/wordpressacltf\/#website\",\"url\":\"http:\/\/acltf.org\/wordpressacltf\/\",\"name\":\"Asociaci\u00f3n Castellano Leonesa de Terapia Familiar\",\"description\":\"Asociaci\u00f3n de Terapia Familiar\",\"publisher\":{\"@id\":\"http:\/\/acltf.org\/wordpressacltf\/#organization\"},\"potentialAction\":[{\"@type\":\"SearchAction\",\"target\":{\"@type\":\"EntryPoint\",\"urlTemplate\":\"http:\/\/acltf.org\/wordpressacltf\/?s={search_term_string}\"},\"query-input\":\"required name=search_term_string\"}],\"inLanguage\":\"es\"},{\"@type\":\"Organization\",\"@id\":\"http:\/\/acltf.org\/wordpressacltf\/#organization\",\"name\":\"acltf\",\"url\":\"http:\/\/acltf.org\/wordpressacltf\/\",\"logo\":{\"@type\":\"ImageObject\",\"inLanguage\":\"es\",\"@id\":\"http:\/\/acltf.org\/wordpressacltf\/#\/schema\/logo\/image\/\",\"url\":\"http:\/\/acltf.org\/wordpressacltf\/wp-content\/uploads\/2015\/05\/Logo250.png\",\"contentUrl\":\"http:\/\/acltf.org\/wordpressacltf\/wp-content\/uploads\/2015\/05\/Logo250.png\",\"width\":250,\"height\":250,\"caption\":\"acltf\"},\"image\":{\"@id\":\"http:\/\/acltf.org\/wordpressacltf\/#\/schema\/logo\/image\/\"},\"sameAs\":[\"https:\/\/www.facebook.com\/pages\/Asociaci\u00f3n-Castellano-Leonesa-de-Terapia-Familiar\/820904984647986?fref=ts\"]}]}<\/script>\n<!-- \/ Yoast SEO plugin. -->","yoast_head_json":{"title":"Seminarios - Asociaci\u00f3n Castellano Leonesa de Terapia Familiar","robots":{"index":"index","follow":"follow","max-snippet":"max-snippet:-1","max-image-preview":"max-image-preview:large","max-video-preview":"max-video-preview:-1"},"canonical":"http:\/\/acltf.org\/wordpressacltf\/seminarios-2\/","og_locale":"es_ES","og_type":"article","og_title":"Seminarios - Asociaci\u00f3n Castellano Leonesa de Terapia Familiar","og_description":"Modelo Internal Family Systems con Imma Lloret Imma Lloret Assistant Trainer por el IFS Institute al mismo tiempo que desarrolla su labor como psicoterapeuta y supervisora cl\u00ednica en la pr\u00e1ctica privada. Co-directora del Instituto IFS. Fechas Viernes 27 y s\u00e1bado 28 de noviembre&nbsp;de 2020 Programa Viernes 27: 16:00 &#8211; 20:00 h. Primera sesi\u00f3n. Se realizar\u00e1 [&hellip;]","og_url":"http:\/\/acltf.org\/wordpressacltf\/seminarios-2\/","og_site_name":"Asociaci\u00f3n Castellano Leonesa de Terapia Familiar","article_publisher":"https:\/\/www.facebook.com\/pages\/Asociaci%c3%b3n-Castellano-Leonesa-de-Terapia-Familiar\/820904984647986?fref=ts","article_modified_time":"2020-11-07T10:43:43+00:00","og_image":[{"width":1000,"height":1414,"url":"https:\/\/i0.wp.com\/acltf.org\/wordpressacltf\/wp-content\/uploads\/2020\/11\/Modelo-Internal-Family-Systems.jpg?fit=1000%2C1414","type":"image\/jpeg"}],"twitter_card":"summary_large_image","twitter_misc":{"Tiempo de lectura":"3 minutos"},"schema":{"@context":"https:\/\/schema.org","@graph":[{"@type":"WebPage","@id":"http:\/\/acltf.org\/wordpressacltf\/seminarios-2\/","url":"http:\/\/acltf.org\/wordpressacltf\/seminarios-2\/","name":"Seminarios - Asociaci\u00f3n Castellano Leonesa de Terapia Familiar","isPartOf":{"@id":"http:\/\/acltf.org\/wordpressacltf\/#website"},"datePublished":"2018-01-23T17:22:16+00:00","dateModified":"2020-11-07T10:43:43+00:00","breadcrumb":{"@id":"http:\/\/acltf.org\/wordpressacltf\/seminarios-2\/#breadcrumb"},"inLanguage":"es","potentialAction":[{"@type":"ReadAction","target":["http:\/\/acltf.org\/wordpressacltf\/seminarios-2\/"]}]},{"@type":"BreadcrumbList","@id":"http:\/\/acltf.org\/wordpressacltf\/seminarios-2\/#breadcrumb","itemListElement":[{"@type":"ListItem","position":1,"name":"Portada","item":"http:\/\/acltf.org\/wordpressacltf\/"},{"@type":"ListItem","position":2,"name":"Seminarios"}]},{"@type":"WebSite","@id":"http:\/\/acltf.org\/wordpressacltf\/#website","url":"http:\/\/acltf.org\/wordpressacltf\/","name":"Asociaci\u00f3n Castellano Leonesa de Terapia Familiar","description":"Asociaci\u00f3n de Terapia Familiar","publisher":{"@id":"http:\/\/acltf.org\/wordpressacltf\/#organization"},"potentialAction":[{"@type":"SearchAction","target":{"@type":"EntryPoint","urlTemplate":"http:\/\/acltf.org\/wordpressacltf\/?s={search_term_string}"},"query-input":"required name=search_term_string"}],"inLanguage":"es"},{"@type":"Organization","@id":"http:\/\/acltf.org\/wordpressacltf\/#organization","name":"acltf","url":"http:\/\/acltf.org\/wordpressacltf\/","logo":{"@type":"ImageObject","inLanguage":"es","@id":"http:\/\/acltf.org\/wordpressacltf\/#\/schema\/logo\/image\/","url":"http:\/\/acltf.org\/wordpressacltf\/wp-content\/uploads\/2015\/05\/Logo250.png","contentUrl":"http:\/\/acltf.org\/wordpressacltf\/wp-content\/uploads\/2015\/05\/Logo250.png","width":250,"height":250,"caption":"acltf"},"image":{"@id":"http:\/\/acltf.org\/wordpressacltf\/#\/schema\/logo\/image\/"},"sameAs":["https:\/\/www.facebook.com\/pages\/Asociaci\u00f3n-Castellano-Leonesa-de-Terapia-Familiar\/820904984647986?fref=ts"]}]}},"jetpack_sharing_enabled":true,"jetpack_shortlink":"https:\/\/wp.me\/P6UE5O-8q","jetpack_likes_enabled":true,"_links":{"self":[{"href":"http:\/\/acltf.org\/wordpressacltf\/wp-json\/wp\/v2\/pages\/522"}],"collection":[{"href":"http:\/\/acltf.org\/wordpressacltf\/wp-json\/wp\/v2\/pages"}],"about":[{"href":"http:\/\/acltf.org\/wordpressacltf\/wp-json\/wp\/v2\/types\/page"}],"author":[{"embeddable":true,"href":"http:\/\/acltf.org\/wordpressacltf\/wp-json\/wp\/v2\/users\/1"}],"replies":[{"embeddable":true,"href":"http:\/\/acltf.org\/wordpressacltf\/wp-json\/wp\/v2\/comments?post=522"}],"version-history":[{"count":20,"href":"http:\/\/acltf.org\/wordpressacltf\/wp-json\/wp\/v2\/pages\/522\/revisions"}],"predecessor-version":[{"id":752,"href":"http:\/\/acltf.org\/wordpressacltf\/wp-json\/wp\/v2\/pages\/522\/revisions\/752"}],"wp:featuredmedia":[{"embeddable":true,"href":"http:\/\/acltf.org\/wordpressacltf\/wp-json\/wp\/v2\/media\/744"}],"wp:attachment":[{"href":"http:\/\/acltf.org\/wordpressacltf\/wp-json\/wp\/v2\/media?parent=522"}],"curies":[{"name":"wp","href":"https:\/\/api.w.org\/{rel}","templated":true}]}}